{"id":366,"date":"2024-03-28T13:27:45","date_gmt":"2024-03-28T13:27:45","guid":{"rendered":"https:\/\/doctorucarer.com\/?page_id=366"},"modified":"2024-04-04T11:23:28","modified_gmt":"2024-04-04T11:23:28","slug":"datenschutz","status":"publish","type":"page","link":"https:\/\/doctorucarer.com\/tr\/datenschutz\/","title":{"rendered":"Veri korumas\u0131"},"content":{"rendered":"<div data-elementor-type=\"wp-page\" data-elementor-id=\"366\" class=\"elementor elementor-366\" data-elementor-post-type=\"page\">\n\t\t\t\t<div class=\"elementor-element elementor-element-e6001ed e-flex e-con-boxed e-con e-parent\" data-id=\"e6001ed\" data-element_type=\"container\" data-e-type=\"container\">\n\t\t\t\t\t<div class=\"e-con-inner\">\n\t\t<div class=\"elementor-element elementor-element-be319fd e-con-full e-flex e-con e-child\" data-id=\"be319fd\" data-element_type=\"container\" data-e-type=\"container\">\n\t\t\t\t<\/div>\n\t\t<div class=\"elementor-element elementor-element-ff79f54 e-con-full e-flex e-con e-child\" data-id=\"ff79f54\" data-element_type=\"container\" data-e-type=\"container\">\n\t\t\t\t<div class=\"elementor-element elementor-element-cfcdb31 elementor-widget elementor-widget-heading\" data-id=\"cfcdb31\" data-element_type=\"widget\" data-e-type=\"widget\" data-widget_type=\"heading.default\">\n\t\t\t\t<div class=\"elementor-widget-container\">\n\t\t\t\t\t<h2 class=\"elementor-heading-title elementor-size-default\">Veri korumas\u0131<\/h2>\t\t\t\t<\/div>\n\t\t\t\t<\/div>\n\t\t\t\t<div class=\"elementor-element elementor-element-e61387a elementor-widget elementor-widget-text-editor\" data-id=\"e61387a\" data-element_type=\"widget\" data-e-type=\"widget\" data-widget_type=\"text-editor.default\">\n\t\t\t\t<div class=\"elementor-widget-container\">\n\t\t\t\t\t\t\t\t\t<h3>\u00d6ns\u00f6z<\/h3><p><strong>Dr. Serhat U\u00e7arer'in sanal muayenehanesi<\/strong> Web sitemi ziyaret etti\u011finiz ve \u00e7evrimi\u00e7i hizmetlerime g\u00f6sterdi\u011finiz ilgi i\u00e7in te\u015fekk\u00fcr ederim. Bana emanet etti\u011finiz ki\u015fisel verilerinizin korunmas\u0131n\u0131 ve g\u00fcvenli\u011fini \u00e7ok ciddiye al\u0131yorum ve web sitemi ziyaret ederken ve \u00e7evrimi\u00e7i hizmetlerimi kullan\u0131rken kendinizi g\u00fcvende ve rahat hissetmenizi istiyorum.<br \/>Tekliflerimizden ve hizmetlerimizden yararlan\u0131rken hangi ki\u015fisel verilerin topland\u0131\u011f\u0131n\u0131 ve daha sonra bunlar\u0131 nas\u0131l kulland\u0131\u011f\u0131m\u0131z\u0131 bilmeniz benim i\u00e7in \u00f6nemlidir.<\/p><h3>Tan\u0131mlar<\/h3><p>Gizlilik politikas\u0131 <strong>sanal uygulama <strong>Dr. Serhat U\u00e7arer <\/strong><\/strong>Genel Veri Koruma Y\u00f6netmeli\u011fi'nin (GDPR) kabul\u00fc i\u00e7in Avrupa yasa koyucusu taraf\u0131ndan kullan\u0131lan terimlere dayanmaktad\u0131r. Gizlilik politikam kamuoyu, hastalar\u0131m, m\u00fc\u015fterilerim ve i\u015f ortaklar\u0131m i\u00e7in okunmas\u0131 ve anla\u015f\u0131lmas\u0131 kolay olmal\u0131d\u0131r. Bunu sa\u011flamak i\u00e7in, kullan\u0131lan terimleri \u00f6nceden a\u00e7\u0131klamak istiyorum.<br \/>Bu gizlilik politikas\u0131nda di\u011ferlerinin yan\u0131 s\u0131ra a\u015fa\u011f\u0131daki terimleri kullan\u0131yorum:<\/p><hr \/><p>Ki\u015fisel veriler:<\/p><p>Ki\u015fisel veriler, tan\u0131mlanm\u0131\u015f veya tan\u0131mlanabilir bir ger\u00e7ek ki\u015fiye (bundan b\u00f6yle \"veri sahibi\" olarak an\u0131lacakt\u0131r) ili\u015fkin her t\u00fcrl\u00fc bilgi anlam\u0131na gelir. Tan\u0131mlanabilir bir ger\u00e7ek ki\u015fi, do\u011frudan veya dolayl\u0131 olarak, \u00f6zellikle bir isim, kimlik numaras\u0131, konum verileri, \u00e7evrimi\u00e7i bir tan\u0131mlay\u0131c\u0131 gibi bir tan\u0131mlay\u0131c\u0131ya veya s\u00f6z konusu ger\u00e7ek ki\u015finin fiziksel, fizyolojik, genetik, zihinsel, ekonomik, k\u00fclt\u00fcrel veya sosyal kimli\u011fine \u00f6zg\u00fc bir veya daha fazla fakt\u00f6re at\u0131fta bulunarak tan\u0131mlanabilen ki\u015fidir.<\/p><h3>\u0130lgili ki\u015fi:<\/h3><p>Veri sahibi, ki\u015fisel verileri i\u015flemeden sorumlu kontrol\u00f6r taraf\u0131ndan i\u015flenen kimli\u011fi belirli veya belirlenebilir ger\u00e7ek ki\u015fidir.<\/p><h3>\u0130\u015fleniyor:<\/h3><p>\u0130\u015fleme, toplama, kaydetme, d\u00fczenleme, yap\u0131land\u0131rma, depolama, uyarlama veya de\u011fi\u015ftirme, geri alma, dan\u0131\u015fma, kullanma, iletim yoluyla if\u015fa etme, yayma veya ba\u015fka bir \u015fekilde kullan\u0131ma sunma, hizalama veya birle\u015ftirme, k\u0131s\u0131tlama (gelecekte i\u015flenmelerini s\u0131n\u0131rland\u0131rmak amac\u0131yla saklanan ki\u015fisel verilerin i\u015faretlenmesi), silme veya imha etme gibi otomatik yollarla olsun veya olmas\u0131n ki\u015fisel veriler veya ki\u015fisel veri k\u00fcmeleri \u00fczerinde ger\u00e7ekle\u015ftirilen herhangi bir i\u015flem veya i\u015flemler dizisi anlam\u0131na gelir.<\/p><h3>Profil olu\u015fturma:<\/h3><p>Profil olu\u015fturma, bir ger\u00e7ek ki\u015fiyle ilgili belirli ki\u015fisel hususlar\u0131 de\u011ferlendirmek, \u00f6zellikle de s\u00f6z konusu ger\u00e7ek ki\u015finin i\u015fteki performans\u0131, ekonomik durumu, sa\u011fl\u0131\u011f\u0131, ki\u015fisel tercihleri, ilgi alanlar\u0131, g\u00fcvenilirli\u011fi, davran\u0131\u015flar\u0131, konumu veya hareketleriyle ilgili hususlar\u0131 analiz etmek veya tahmin etmek i\u00e7in ki\u015fisel verilerin kullan\u0131lmas\u0131ndan olu\u015fan ki\u015fisel verilerin herhangi bir otomatik i\u015fleme bi\u00e7imidir.<\/p><h3>Takma adland\u0131rma:<\/h3><p>Takma ad verme, ki\u015fisel verilerin, s\u00f6z konusu ek bilgilerin ayr\u0131 tutulmas\u0131 ve ki\u015fisel verilerin kimli\u011fi belirli veya belirlenebilir bir ger\u00e7ek ki\u015fiye atfedilmemesini sa\u011flamak i\u00e7in teknik ve organizasyonel \u00f6nlemlere tabi olmas\u0131 ko\u015fuluyla, ki\u015fisel verilerin ek bilgiler kullan\u0131lmadan art\u0131k belirli bir veri sahibiyle ili\u015fkilendirilemeyece\u011fi \u015fekilde i\u015flenmesidir.<\/p><h3>\u0130\u015flemeden sorumlu kontrol\u00f6r veya denetleyici:<\/h3><p>\u0130\u015flemeden sorumlu kontrol\u00f6r veya denetleyici, ki\u015fisel verilerin i\u015flenmesinin ama\u00e7lar\u0131n\u0131 ve ara\u00e7lar\u0131n\u0131 tek ba\u015f\u0131na veya ba\u015fkalar\u0131yla birlikte belirleyen ger\u00e7ek veya t\u00fczel ki\u015fi, kamu makam\u0131, ajans veya di\u011fer organd\u0131r. S\u00f6z konusu i\u015fleme ama\u00e7lar\u0131 ve ara\u00e7lar\u0131n\u0131n Birlik veya \u00dcye Devlet hukuku taraf\u0131ndan belirlendi\u011fi hallerde, kontrol\u00f6r veya kontrol\u00f6r\u00fcn belirlenmesine ili\u015fkin spesifik kriterler Birlik veya \u00dcye Devlet hukuku taraf\u0131ndan \u00f6ng\u00f6r\u00fclebilir.<br \/>\u0130\u015flemci:<br \/>\u0130\u015flemci:<\/p><h3>Al\u0131c\u0131:<\/h3><p>Al\u0131c\u0131, \u00fc\u00e7\u00fcnc\u00fc taraf olsun veya olmas\u0131n, ki\u015fisel verilerin if\u015fa edildi\u011fi ger\u00e7ek veya t\u00fczel ki\u015fi, kamu makam\u0131, ajans veya ba\u015fka bir organd\u0131r. Ancak, Birlik veya \u00dcye Devlet hukuku uyar\u0131nca belirli bir soru\u015fturma \u00e7er\u00e7evesinde ki\u015fisel verileri alabilecek olan kamu makamlar\u0131 al\u0131c\u0131 olarak kabul edilmeyecektir.<\/p><h3>\u00dc\u00e7\u00fcnc\u00fcs\u00fc:<\/h3><p>\u00dc\u00e7\u00fcnc\u00fc taraf, veri sahibi, kontrol\u00f6r, i\u015fleyici ve kontrol\u00f6r veya i\u015fleyicinin do\u011frudan yetkisi alt\u0131nda ki\u015fisel verileri i\u015flemeye yetkili ki\u015filer d\u0131\u015f\u0131ndaki ger\u00e7ek veya t\u00fczel ki\u015fi, kamu otoritesi, kurum veya kurulu\u015flard\u0131r.<\/p><h3>R\u0131za:<\/h3><p>R\u0131za, veri sahibinin bir beyanla veya a\u00e7\u0131k bir olumlu eylemle kendisiyle ilgili ki\u015fisel verilerin i\u015flenmesini kabul etti\u011fini belirtti\u011fi, \u00f6zg\u00fcrce verilmi\u015f, belirli, bilgilendirilmi\u015f ve a\u00e7\u0131k bir \u015fekilde isteklerini belirtmesidir.<\/p><h3>Veri i\u015flemenin amac\u0131<\/h3><p><strong>Dr. Serhat U\u00e7arer'in sanal muayenehanesi<\/strong> \u00e7evrimi\u00e7i bir t\u0131bbi hizmettir. Bildi\u011fim kadar\u0131yla <strong>Dr. Serhat U\u00e7arer'in sanal muayenehanesi <\/strong>ki\u015fisel veriler i\u015flenirse, bu gizlilik politikas\u0131nda belirtilen ama\u00e7lar i\u00e7in yap\u0131l\u0131r.<\/p><h3>Ki\u015fisel verilerin i\u015flenmesi<\/h3><p>Ki\u015fisel veriler kons\u00fcltasyon ve tedavi amac\u0131yla toplan\u0131r ve t\u0131bbi kons\u00fcltasyon s\u00f6zle\u015fmesinin temelini olu\u015fturur. \u0130sim, adres, do\u011fum tarihi, \u00f6nceki hastal\u0131klar ve dan\u0131\u015fmanl\u0131k talepleri d\u0131\u015f\u0131nda ba\u015fka hi\u00e7bir ki\u015fisel veri toplanmamaktad\u0131r.<br \/>Ki\u015fisel veriler, bunlar\u0131 bana g\u00f6n\u00fcll\u00fc olarak vermeniz halinde de i\u015flenir. Bu konudaki yasal dayanak GDPR'nin 6. maddesinin 1. f\u0131kras\u0131n\u0131n \"b\" bendidir. Bu ba\u011flamda taraf\u0131mdan i\u015flenen veriler, bu gizlilik politikas\u0131nda belirtilen ama\u00e7lar i\u00e7in gerekli oldu\u011fu \u00f6l\u00e7\u00fcde hasta verilerini, \u00e7al\u0131\u015fan verilerini ve tedarik\u00e7ilerden gelen verileri i\u00e7erir.<br \/>Verilerinizi yukar\u0131da a\u00e7\u0131kland\u0131\u011f\u0131 gibi ilgili tedavinizin ama\u00e7lar\u0131 do\u011frultusunda i\u015fledi\u011fim s\u00fcrece, s\u00f6zle\u015fmeye ba\u011fl\u0131 olarak bana bu verileri sa\u011flamakla y\u00fck\u00fcml\u00fcs\u00fcn\u00fcz. \u00d6zellikle verilerin kanser kay\u0131t merkezine aktar\u0131lmas\u0131 yasa gere\u011fi zorunludur. Bu veriler olmadan uygun tedaviyi sa\u011flayamay\u0131z.<br \/>Ki\u015fisel verilerin i\u015flenmesine r\u0131za g\u00f6sterdiyseniz (bkz. GDPR Madde 6 paragraf 1 harf \"a\"), gelecekteki i\u015flemlere ili\u015fkin r\u0131zan\u0131z\u0131, iptal edilene kadar r\u0131za temelinde ger\u00e7ekle\u015ftirilen i\u015flemlerin yasall\u0131\u011f\u0131n\u0131 etkilemeksizin, yaz\u0131l\u0131 olarak, telefonla veya e-posta yoluyla neden belirtmeksizin istedi\u011finiz zaman iptal edebilirsiniz.<br \/>\u00dc\u00e7\u00fcnc\u00fc taraflara a\u00e7\u0131klama<br \/>Verilerin i\u015fleyicilere aktar\u0131lmas\u0131 GDPR Madde 28 paragraf 1 temelinde ger\u00e7ekle\u015fir. \u00d6zellikle laboratuvar analizleri, r\u00f6ntgen, MR veya BT incelemeleri i\u00e7in ve ayr\u0131ca di\u011fer doktorlara veya psikoterapistlere (\u00f6rne\u011fin doktor mektuplar\u0131 \u015feklinde) veri aktar\u0131m\u0131 esast\u0131r. Ancak, verilerin \u00fc\u00e7\u00fcnc\u00fc taraflara aktar\u0131lmas\u0131 durumunda \u00f6nceden bilgilendirileceksiniz.<br \/>Verilerinizi \u00fc\u00e7\u00fcnc\u00fc taraflara satm\u0131yor veya ba\u015fka bir \u015fekilde pazarlam\u0131yoruz.<br \/>Ayr\u0131ca, hizmetlerimizin herhangi bir yasad\u0131\u015f\u0131 kullan\u0131m\u0131n\u0131 a\u00e7\u0131kl\u0131\u011fa kavu\u015fturmak veya yasal kovu\u015fturma i\u00e7in gerekli olmas\u0131 halinde, ki\u015fisel verileriniz a\u00e7\u0131k r\u0131zan\u0131z olmadan kolluk kuvvetlerine aktar\u0131lacakt\u0131r. Ancak, bu yaln\u0131zca yasad\u0131\u015f\u0131 veya taciz edici davran\u0131\u015flara ili\u015fkin somut g\u00f6stergeler varsa ger\u00e7ekle\u015fecektir. \u0130f\u015fa, kullan\u0131m \u015fartlar\u0131n\u0131n veya di\u011fer anla\u015fmalar\u0131n uygulanmas\u0131na hizmet etmesi ve ilgili ki\u015finin gizlilik y\u00fck\u00fcml\u00fcl\u00fc\u011f\u00fcnden muaf tutulmas\u0131 halinde de ger\u00e7ekle\u015febilir. Ayr\u0131ca, ilgili gerekliliklerin kar\u015f\u0131lanmas\u0131 ko\u015fuluyla, talep \u00fczerine belirli kamu makamlar\u0131na bilgi sa\u011flamakla yasal olarak y\u00fck\u00fcml\u00fcy\u00fcz. Bunlar kanun uygulay\u0131c\u0131 makamlard\u0131r.<\/p><h3>\u00dc\u00e7\u00fcnc\u00fc \u00fclkelere planlanan veri aktar\u0131m\u0131<\/h3><p>\u00dc\u00e7\u00fcnc\u00fc \u00fclkelere bir aktar\u0131m \u015fu anda planlanmamaktad\u0131r, aksi takdirde ilgili yasal gereklilikler olu\u015fturulacakt\u0131r. \u00d6zellikle, ilgili al\u0131c\u0131lar veya al\u0131c\u0131 kategorileri hakk\u0131nda yasal gerekliliklere uygun olarak bilgilendirileceksiniz.<\/p><h3>G\u00fcvenlik<\/h3><p>Bu <strong>Dr. Serhat U\u00e7arer'in sanal muayenehanesi<\/strong> Bana sa\u011flad\u0131\u011f\u0131n\u0131z verileri kazara veya kas\u0131tl\u0131 manip\u00fclasyon, kay\u0131p, imha veya yetkisiz ki\u015filerin eri\u015fimine kar\u015f\u0131 korumak i\u00e7in teknik ve organizasyonel g\u00fcvenlik \u00f6nlemleri kullan\u0131r. Bu, harici hizmetler kullan\u0131ld\u0131\u011f\u0131nda da ge\u00e7erlidir. G\u00fcvenlik \u00f6nlemlerimizin etkinli\u011fi g\u00f6zden ge\u00e7irilmekte ve \u00f6nlemler teknolojik geli\u015fmeler do\u011frultusunda s\u00fcrekli olarak iyile\u015ftirilmektedir. Ki\u015fisel veriler girildi\u011finde, her zaman y\u00fcksek d\u00fczeyde \u015fifrelenmi\u015f bi\u00e7imde iletilir.<br \/>Bu veriler, ki\u015fisel verilerinizin korunmas\u0131na ili\u015fkin hak ve menfaatlerinizin bundan daha a\u011f\u0131r basmamas\u0131 ko\u015fuluyla, k\u00f6t\u00fcye kullan\u0131mla m\u00fccadele, cezai su\u00e7lar\u0131n kovu\u015fturulmas\u0131 ve hak taleplerinin g\u00fcvence alt\u0131na al\u0131nmas\u0131, ileri s\u00fcr\u00fclmesi ve uygulanmas\u0131na ili\u015fkin me\u015fru menfaat temelinde aktar\u0131l\u0131r.<br \/>Web sitesi <strong>Dr. Serhat U\u00e7arer'in sanal muayenehanesi <\/strong>web sitesine bir veri sahibi veya otomatik bir sistem taraf\u0131ndan her eri\u015fildi\u011finde bir dizi genel veri ve bilgi toplar. Bu genel veriler ve bilgiler sunucu g\u00fcnl\u00fck dosyalar\u0131nda saklan\u0131r.<br \/>A\u015fa\u011f\u0131dakiler kaydedilmi\u015ftir:<br \/>- Kullan\u0131lan taray\u0131c\u0131 t\u00fcr\u00fc ve s\u00fcr\u00fcm\u00fc<br \/>- eri\u015fim sistemi taraf\u0131ndan kullan\u0131lan i\u015fletim sistemi<br \/>- bir eri\u015fim sisteminin web sitemize ula\u015ft\u0131\u011f\u0131 web sitesi (y\u00f6nlendiren olarak adland\u0131r\u0131l\u0131r)<br \/>- web sitemizdeki bir eri\u015fim sistemi arac\u0131l\u0131\u011f\u0131yla eri\u015filen alt web siteleri<br \/>- web sitemize eri\u015fim tarihi ve saati<br \/>- IP adresi<br \/>- eri\u015fim sisteminin internet servis sa\u011flay\u0131c\u0131s\u0131<\/p><p>Bu genel veri ve bilgileri toplarken <strong>Dr. Serhat U\u00e7arer'in sanal muayenehanesi<\/strong> veri sahibinin di\u011fer verileri ile birle\u015ftirme ba\u015flat\u0131lmaz veya ger\u00e7ekle\u015ftirilmez.<br \/>Bu bilgiler daha ziyade, bir siber sald\u0131r\u0131 durumunda kolluk kuvvetlerine kovu\u015fturma i\u00e7in gerekli bilgileri sa\u011flamak i\u00e7in gereklidir. Anonim olarak toplanan bu veri ve bilgiler, a\u015fa\u011f\u0131daki kurumlar taraf\u0131ndan i\u015flenir <strong>Dr. Serhat U\u00e7arer'in sanal muayenehanesi<\/strong><br \/>Bu nedenle, \u00e7evrimi\u00e7i platformumun veri korumas\u0131n\u0131 ve veri g\u00fcvenli\u011fini art\u0131rmak ve i\u015fledi\u011fimiz ki\u015fisel veriler i\u00e7in optimum d\u00fczeyde koruma sa\u011flamak amac\u0131yla anonim olarak toplanan verileri istatistiksel olarak analiz ediyorum. Sunucu oturum a\u00e7ma dosyalar\u0131n\u0131n anonim verileri, ger\u00e7ek bir ki\u015fi taraf\u0131ndan sa\u011flanan t\u00fcm ki\u015fisel verilerden ayr\u0131 olarak saklan\u0131r.<\/p><h3>Verilerin silinmesi i\u00e7in standart son tarihler<\/h3><p>Yasa koyucu \u00e7e\u015fitli saklama s\u00fcreleri ve y\u00fck\u00fcml\u00fcl\u00fckleri belirlemi\u015ftir. Bu s\u00fcreler sona erdikten sonra, ilgili veriler rutin olarak silinir. Veriler bundan etkilenmiyorsa, bu gizlilik politikas\u0131nda belirtilen ama\u00e7lar\u0131n art\u0131k ge\u00e7erli olmamas\u0131 durumunda silinecek veya anonimle\u015ftirilecektir. Bu gizlilik politikas\u0131, verilerin saklanmas\u0131yla ilgili ba\u015fka, farkl\u0131 h\u00fck\u00fcmler i\u00e7ermedi\u011fi s\u00fcrece, taraf\u0131m\u0131zdan toplanan veriler, topland\u0131klar\u0131 yukar\u0131da belirtilen ama\u00e7lar i\u00e7in gerekli oldu\u011fu s\u00fcrece taraf\u0131m\u0131zdan saklanacakt\u0131r.<\/p><h3>Di\u011fer veri kullan\u0131mlar\u0131 ve veri silme<\/h3><p>Ki\u015fisel verilerinizin daha fazla i\u015flenmesi veya kullan\u0131lmas\u0131 genellikle yaln\u0131zca yasalar\u0131n izin vermesi veya veri i\u015fleme veya kullan\u0131m\u0131na izin vermi\u015f olman\u0131z halinde ger\u00e7ekle\u015fecektir. Verilerin ba\u015flang\u0131\u00e7ta topland\u0131\u011f\u0131 ama\u00e7lar d\u0131\u015f\u0131ndaki ama\u00e7lar i\u00e7in daha fazla i\u015flenmesi durumunda, daha fazla i\u015flemeden \u00f6nce sizi bu di\u011fer ama\u00e7lar hakk\u0131nda bilgilendirece\u011fiz ve size daha fazla ilgili bilgi sa\u011flayaca\u011f\u0131z.<\/p><h3>Profil olu\u015fturma da dahil olmak \u00fczere bireysel durumlarda otomatik kararlar<\/h3><p><strong>I<\/strong> Sorumlu bir doktor olarak, otomatik kararlardan veya profil olu\u015fturmadan tamamen ka\u00e7\u0131n\u0131yorum<\/p><h3>Ki\u015fisel verilerin i\u015flenmesine ili\u015fkin haklar<\/h3><p><strong>Bilgi edinme hakk\u0131<\/strong><br \/>GDPR Madde 15 kapsam\u0131nda sizinle ilgili taraf\u0131m\u0131zdan i\u015flenen ki\u015fisel veriler hakk\u0131nda istedi\u011finiz zaman benden bilgi talep etme hakk\u0131na sahipsiniz. Bunu yapmak i\u00e7in, a\u015fa\u011f\u0131da verilen adreslere posta yoluyla bir talep g\u00f6nderebilirsiniz.<\/p><h3>Yanl\u0131\u015f verilerin d\u00fczeltilmesi hakk\u0131<\/h3><p>Sizinle ilgili yanl\u0131\u015f ki\u015fisel verilerin d\u00fczeltilmesini gecikmeksizin bizden talep etme hakk\u0131na sahipsiniz (GDPR Madde 16). Bunun i\u00e7in l\u00fctfen a\u015fa\u011f\u0131daki ileti\u015fim adreslerini kullan\u0131n.<\/p><h3>\u0130ptal hakk\u0131<\/h3><p>GDPR Madde 17 uyar\u0131nca yasal gerek\u00e7elerin ge\u00e7erli olmas\u0131 halinde, sizinle ilgili ki\u015fisel verilerin derhal silinmesini (\"unutulma hakk\u0131\") talep etme hakk\u0131na sahipsiniz. Bunlar, \u00f6rne\u011fin, ki\u015fisel verilerin ba\u015flang\u0131\u00e7ta i\u015flendikleri ama\u00e7lar i\u00e7in art\u0131k gerekli olmamas\u0131 veya onay\u0131n\u0131z\u0131 geri \u00e7ekmi\u015f olman\u0131z ve i\u015fleme i\u00e7in ba\u015fka bir yasal dayanak olmamas\u0131; veri sahibinin i\u015fleme itiraz etmesi (ve i\u015fleme i\u00e7in a\u011f\u0131r basan nedenlerin olmamas\u0131) durumunda mevcuttur. Yukar\u0131daki hakk\u0131n\u0131z\u0131 kullanmak i\u00e7in l\u00fctfen a\u015fa\u011f\u0131daki adreslerden bizimle ileti\u015fime ge\u00e7in.<\/p><h3>\u0130\u015flemenin k\u0131s\u0131tlanmas\u0131 hakk\u0131<\/h3><p>Ko\u015fullar\u0131n yerine getirilmesi halinde ve GDPR Madde 18 uyar\u0131nca i\u015flemenin k\u0131s\u0131tlanmas\u0131 hakk\u0131na sahipsiniz. Buna g\u00f6re, i\u015flemenin k\u0131s\u0131tlanmas\u0131, \u00f6zellikle i\u015flemenin yasad\u0131\u015f\u0131 olmas\u0131 ve veri sahibinin ki\u015fisel verileri silmeyi reddetmesi ve bunun yerine ki\u015fisel verilerin kullan\u0131m\u0131n\u0131n k\u0131s\u0131tlanmas\u0131n\u0131 talep etmesi veya veri sahibinin GDPR Madde 21 paragraf 1 uyar\u0131nca i\u015flemeye itiraz etmesi durumunda, me\u015fru nedenlerimizin onlar\u0131nkinden daha a\u011f\u0131r bas\u0131p basmad\u0131\u011f\u0131 hen\u00fcz belli olmad\u0131\u011f\u0131 s\u00fcrece gerekli olabilir. Yukar\u0131da belirtilen hakk\u0131n\u0131z\u0131 kullanmak i\u00e7in l\u00fctfen a\u015fa\u011f\u0131da verilen adreslerden bizimle ileti\u015fime ge\u00e7in.<\/p><h3>Veri ta\u015f\u0131nabilirli\u011fi hakk\u0131<\/h3><p>GDPR Madde 20 uyar\u0131nca veri ta\u015f\u0131nabilirli\u011fi hakk\u0131na sahipsiniz. Bize sa\u011flad\u0131\u011f\u0131n\u0131z sizinle ilgili verileri yayg\u0131n olarak kullan\u0131lan, yap\u0131land\u0131r\u0131lm\u0131\u015f ve makine taraf\u0131ndan okunabilir bir formatta alma ve bu verileri ba\u015fka bir hizmet sa\u011flay\u0131c\u0131 gibi ba\u015fka bir denetleyiciye iletme hakk\u0131na sahipsiniz. Bunun i\u00e7in \u00f6n ko\u015ful, i\u015flemenin r\u0131zaya veya bir s\u00f6zle\u015fmeye dayal\u0131 olmas\u0131 ve otomatik prosed\u00fcrler kullan\u0131larak ger\u00e7ekle\u015ftirilmesidir. Yukar\u0131daki hakk\u0131 kullanmak i\u00e7in l\u00fctfen a\u015fa\u011f\u0131da verilen adreslerden bizimle ileti\u015fime ge\u00e7in.<\/p><h3>\u0130tiraz hakk\u0131<\/h3><p>GDPR Madde 21 uyar\u0131nca, di\u011ferlerinin yan\u0131 s\u0131ra GDPR Madde 6(1)'in (e) veya (f) bendine dayal\u0131 olarak sizinle ilgili ki\u015fisel verilerin i\u015flenmesine, \u00f6zel durumunuzla ilgili gerek\u00e7elerle istedi\u011finiz zaman itiraz etme hakk\u0131na sahipsiniz. \u00c7\u0131karlar\u0131n\u0131z\u0131, haklar\u0131n\u0131z\u0131 ve \u00f6zg\u00fcrl\u00fcklerinizi ge\u00e7ersiz k\u0131lan i\u015fleme i\u00e7in zorlay\u0131c\u0131 me\u015fru gerek\u00e7eler g\u00f6steremedi\u011fimiz veya i\u015flemenin yasal taleplerin olu\u015fturulmas\u0131, uygulanmas\u0131 veya savunulmas\u0131na hizmet etmedi\u011fi s\u00fcrece ki\u015fisel verilerinizi i\u015flemeyi durduraca\u011f\u0131z. Yukar\u0131da belirtilen hakk\u0131n\u0131z\u0131 kullanmak i\u00e7in l\u00fctfen a\u015fa\u011f\u0131da verilen adreslerden bizimle ileti\u015fime ge\u00e7in.<\/p><h3>Bir denetim makam\u0131na \u015fikayette bulunma hakk\u0131<\/h3><p>Sizinle ilgili ki\u015fisel verilerin taraf\u0131m\u0131zdan i\u015flenmesinin yetkisiz oldu\u011funu d\u00fc\u015f\u00fcn\u00fcyorsan\u0131z, a\u015fa\u011f\u0131daki \u015fekilde ileti\u015fime ge\u00e7ebilece\u011finiz bizden sorumlu denetim makam\u0131na \u015fikayette bulunma hakk\u0131na sahipsiniz:<\/p><h3>Saarland Ba\u011f\u0131ms\u0131z Veri Koruma Merkezi<\/h3><p>Fritz-Dobitsch-Stra\u00dfe 12<br \/>66111 Saarbr\u00fccken<br \/>Telefon: +49 (0) 681 947810<br \/>Faks: +49 (0) 681 94781-29<br \/>E-posta: poststelle@datenschutz.saarland.de<\/p><p>Veri Koruma G\u00f6revlisi<br \/>Ki\u015fisel verilerinizin i\u015flenmesiyle ilgili ba\u015fka sorular\u0131n\u0131z varsa, bilgi talepleri, ba\u015fvurular veya \u015fikayetler durumunda da haz\u0131r bulunan veri koruma g\u00f6revlimizle do\u011frudan ileti\u015fime ge\u00e7ebilirsiniz:<br \/>Maria Stoll<br \/>Karlsbergstra\u00dfe 140 A<br \/>66424 Homburg<br \/>Telefon: +49 1719982451<br \/>E-posta: info@stoll.de<\/p><p>Sorumlu ki\u015finin ileti\u015fim bilgileri<\/p><h3>Dr. Serhat U\u00e7arer'in sanal muayenehanesi<\/h3><p>Dr. Serhat U\u00e7arer<br \/>Siebenb\u00fcrgenstra\u00dfe 19; 66424 Homburg<br \/>Telefon (mobil): +491753328638<br \/>E-posta: ucarerserhat@gmail.com<\/p><p>Durum: Mart 2024<\/p>\t\t\t\t\t\t\t\t<\/div>\n\t\t\t\t<\/div>\n\t\t\t\t<\/div>\n\t\t<div class=\"elementor-element elementor-element-f827e9a e-flex e-con-boxed e-con e-child\" data-id=\"f827e9a\" data-element_type=\"container\" data-e-type=\"container\">\n\t\t\t\t\t<div class=\"e-con-inner\">\n\t\t\t\t\t<\/div>\n\t\t\t\t<\/div>\n\t\t\t\t\t<\/div>\n\t\t\t\t<\/div>\n\t\t\t\t<\/div>","protected":false},"excerpt":{"rendered":"<p>Datenschutz Pr\u00e4ambel Virtuelle Praxis von Dr.\u00a0 Serhat Ucarer freut sich\u00a0 \u00fcber Ihren Besuch auf meiner Web-Site und \u00fcber Ihr Interesse [&hellip;]<\/p>\n","protected":false},"author":1,"featured_media":0,"parent":0,"menu_order":0,"comment_status":"closed","ping_status":"closed","template":"elementor_header_footer","meta":{"om_disable_all_campaigns":false,"_uf_show_specific_survey":0,"_uf_disable_surveys":false,"site-sidebar-layout":"no-sidebar","site-content-layout":"","ast-site-content-layout":"full-width-container","site-content-style":"default","site-sidebar-style":"default","ast-global-header-display":"","ast-banner-title-visibility":"","ast-main-header-display":"","ast-hfb-above-header-display":"","ast-hfb-below-header-display":"","ast-hfb-mobile-header-display":"","site-post-title":"disabled","ast-breadcrumbs-content":"","ast-featured-img":"disabled","footer-sml-layout":"","theme-transparent-header-meta":"","adv-header-id-meta":"","stick-header-meta":"","header-above-stick-meta":"","header-main-stick-meta":"","header-below-stick-meta":"","astra-migrate-meta-layouts":"default","ast-page-background-enabled":"default","ast-page-background-meta":{"desktop":{"background-color":"var(--ast-global-color-4)","background-image":"","background-repeat":"repeat","background-position":"center center","background-size":"auto","background-attachment":"scroll","background-type":"","background-media":"","overlay-type":"","overlay-color":"","overlay-gradient":""},"tablet":{"background-color":"","background-image":"","background-repeat":"repeat","background-position":"center center","background-size":"auto","background-attachment":"scroll","background-type":"","background-media":"","overlay-type":"","overlay-color":"","overlay-gradient":""},"mobile":{"background-color":"","background-image":"","background-repeat":"repeat","background-position":"center center","background-size":"auto","background-attachment":"scroll","background-type":"","background-media":"","overlay-type":"","overlay-color":"","overlay-gradient":""}},"ast-content-background-meta":{"desktop":{"background-color":"var(--ast-global-color-5)","background-image":"","background-repeat":"repeat","background-position":"center center","background-size":"auto","background-attachment":"scroll","background-type":"","background-media":"","overlay-type":"","overlay-color":"","overlay-gradient":""},"tablet":{"background-color":"var(--ast-global-color-5)","background-image":"","background-repeat":"repeat","background-position":"center center","background-size":"auto","background-attachment":"scroll","background-type":"","background-media":"","overlay-type":"","overlay-color":"","overlay-gradient":""},"mobile":{"background-color":"var(--ast-global-color-5)","background-image":"","background-repeat":"repeat","background-position":"center center","background-size":"auto","background-attachment":"scroll","background-type":"","background-media":"","overlay-type":"","overlay-color":"","overlay-gradient":""}},"footnotes":""},"class_list":["post-366","page","type-page","status-publish","hentry"],"yoast_head":"<!-- This site is optimized with the Yoast SEO plugin v27.5 - https:\/\/yoast.com\/product\/yoast-seo-wordpress\/ -->\n<title>Datenschutz - Dr. Serhat Ucarer<\/title>\n<meta name=\"robots\" content=\"index, follow, max-snippet:-1, max-image-preview:large, max-video-preview:-1\" \/>\n<link rel=\"canonical\" href=\"https:\/\/doctorucarer.com\/tr\/datenschutz\/\" \/>\n<meta property=\"og:locale\" content=\"tr_TR\" \/>\n<meta property=\"og:type\" content=\"article\" \/>\n<meta property=\"og:title\" content=\"Datenschutz - Dr. Serhat Ucarer\" \/>\n<meta property=\"og:description\" content=\"Datenschutz Pr\u00e4ambel Virtuelle Praxis von Dr.\u00a0 Serhat Ucarer freut sich\u00a0 \u00fcber Ihren Besuch auf meiner Web-Site und \u00fcber Ihr Interesse [&hellip;]\" \/>\n<meta property=\"og:url\" content=\"https:\/\/doctorucarer.com\/tr\/datenschutz\/\" \/>\n<meta property=\"og:site_name\" content=\"Dr. Serhat Ucarer\" \/>\n<meta property=\"article:publisher\" content=\"https:\/\/www.facebook.com\/people\/Serhat-Ucarer\/\" \/>\n<meta property=\"article:modified_time\" content=\"2024-04-04T11:23:28+00:00\" \/>\n<meta name=\"twitter:card\" content=\"summary_large_image\" \/>\n<meta name=\"twitter:label1\" content=\"Tahmini okuma s\u00fcresi\" \/>\n\t<meta name=\"twitter:data1\" content=\"11 dakika\" \/>\n<script type=\"application\/ld+json\" class=\"yoast-schema-graph\">{\"@context\":\"https:\\\/\\\/schema.org\",\"@graph\":[{\"@type\":\"WebPage\",\"@id\":\"https:\\\/\\\/doctorucarer.com\\\/datenschutz\\\/\",\"url\":\"https:\\\/\\\/doctorucarer.com\\\/datenschutz\\\/\",\"name\":\"Datenschutz - Dr. Serhat Ucarer\",\"isPartOf\":{\"@id\":\"https:\\\/\\\/doctorucarer.com\\\/#website\"},\"datePublished\":\"2024-03-28T13:27:45+00:00\",\"dateModified\":\"2024-04-04T11:23:28+00:00\",\"breadcrumb\":{\"@id\":\"https:\\\/\\\/doctorucarer.com\\\/datenschutz\\\/#breadcrumb\"},\"inLanguage\":\"tr\",\"potentialAction\":[{\"@type\":\"ReadAction\",\"target\":[\"https:\\\/\\\/doctorucarer.com\\\/datenschutz\\\/\"]}]},{\"@type\":\"BreadcrumbList\",\"@id\":\"https:\\\/\\\/doctorucarer.com\\\/datenschutz\\\/#breadcrumb\",\"itemListElement\":[{\"@type\":\"ListItem\",\"position\":1,\"name\":\"Home\",\"item\":\"https:\\\/\\\/doctorucarer.com\\\/\"},{\"@type\":\"ListItem\",\"position\":2,\"name\":\"Datenschutz\"}]},{\"@type\":\"WebSite\",\"@id\":\"https:\\\/\\\/doctorucarer.com\\\/#website\",\"url\":\"https:\\\/\\\/doctorucarer.com\\\/\",\"name\":\"DR.Serhat Ucarer\",\"description\":\"Online-\u00c4rzte mit Online-Videosprechstunde oder Telemedizin f\u00fcr alle\",\"publisher\":{\"@id\":\"https:\\\/\\\/doctorucarer.com\\\/#organization\"},\"potentialAction\":[{\"@type\":\"SearchAction\",\"target\":{\"@type\":\"EntryPoint\",\"urlTemplate\":\"https:\\\/\\\/doctorucarer.com\\\/?s={search_term_string}\"},\"query-input\":{\"@type\":\"PropertyValueSpecification\",\"valueRequired\":true,\"valueName\":\"search_term_string\"}}],\"inLanguage\":\"tr\"},{\"@type\":\"Organization\",\"@id\":\"https:\\\/\\\/doctorucarer.com\\\/#organization\",\"name\":\"DR.Serhat Ucarer\",\"url\":\"https:\\\/\\\/doctorucarer.com\\\/\",\"logo\":{\"@type\":\"ImageObject\",\"inLanguage\":\"tr\",\"@id\":\"https:\\\/\\\/doctorucarer.com\\\/#\\\/schema\\\/logo\\\/image\\\/\",\"url\":\"https:\\\/\\\/doctorucarer.com\\\/wp-content\\\/uploads\\\/2024\\\/03\\\/Medical-Cross-Doctor-Logo-Template-1-e1711550658599.png\",\"contentUrl\":\"https:\\\/\\\/doctorucarer.com\\\/wp-content\\\/uploads\\\/2024\\\/03\\\/Medical-Cross-Doctor-Logo-Template-1-e1711550658599.png\",\"width\":468,\"height\":146,\"caption\":\"DR.Serhat Ucarer\"},\"image\":{\"@id\":\"https:\\\/\\\/doctorucarer.com\\\/#\\\/schema\\\/logo\\\/image\\\/\"},\"sameAs\":[\"https:\\\/\\\/www.facebook.com\\\/people\\\/Serhat-Ucarer\\\/\"]}]}<\/script>\n<!-- \/ Yoast SEO plugin. -->","yoast_head_json":{"title":"Datenschutz - Dr. Serhat Ucarer","robots":{"index":"index","follow":"follow","max-snippet":"max-snippet:-1","max-image-preview":"max-image-preview:large","max-video-preview":"max-video-preview:-1"},"canonical":"https:\/\/doctorucarer.com\/tr\/datenschutz\/","og_locale":"tr_TR","og_type":"article","og_title":"Datenschutz - Dr. Serhat Ucarer","og_description":"Datenschutz Pr\u00e4ambel Virtuelle Praxis von Dr.\u00a0 Serhat Ucarer freut sich\u00a0 \u00fcber Ihren Besuch auf meiner Web-Site und \u00fcber Ihr Interesse [&hellip;]","og_url":"https:\/\/doctorucarer.com\/tr\/datenschutz\/","og_site_name":"Dr. Serhat Ucarer","article_publisher":"https:\/\/www.facebook.com\/people\/Serhat-Ucarer\/","article_modified_time":"2024-04-04T11:23:28+00:00","twitter_card":"summary_large_image","twitter_misc":{"Tahmini okuma s\u00fcresi":"11 dakika"},"schema":{"@context":"https:\/\/schema.org","@graph":[{"@type":"WebPage","@id":"https:\/\/doctorucarer.com\/datenschutz\/","url":"https:\/\/doctorucarer.com\/datenschutz\/","name":"Datenschutz - Dr. Serhat Ucarer","isPartOf":{"@id":"https:\/\/doctorucarer.com\/#website"},"datePublished":"2024-03-28T13:27:45+00:00","dateModified":"2024-04-04T11:23:28+00:00","breadcrumb":{"@id":"https:\/\/doctorucarer.com\/datenschutz\/#breadcrumb"},"inLanguage":"tr","potentialAction":[{"@type":"ReadAction","target":["https:\/\/doctorucarer.com\/datenschutz\/"]}]},{"@type":"BreadcrumbList","@id":"https:\/\/doctorucarer.com\/datenschutz\/#breadcrumb","itemListElement":[{"@type":"ListItem","position":1,"name":"Home","item":"https:\/\/doctorucarer.com\/"},{"@type":"ListItem","position":2,"name":"Datenschutz"}]},{"@type":"WebSite","@id":"https:\/\/doctorucarer.com\/#website","url":"https:\/\/doctorucarer.com\/","name":"DR.Serhat Ucarer","description":"Online-\u00c4rzte mit Online-Videosprechstunde oder Telemedizin f\u00fcr alle","publisher":{"@id":"https:\/\/doctorucarer.com\/#organization"},"potentialAction":[{"@type":"SearchAction","target":{"@type":"EntryPoint","urlTemplate":"https:\/\/doctorucarer.com\/?s={search_term_string}"},"query-input":{"@type":"PropertyValueSpecification","valueRequired":true,"valueName":"search_term_string"}}],"inLanguage":"tr"},{"@type":"Organization","@id":"https:\/\/doctorucarer.com\/#organization","name":"DR.Serhat Ucarer","url":"https:\/\/doctorucarer.com\/","logo":{"@type":"ImageObject","inLanguage":"tr","@id":"https:\/\/doctorucarer.com\/#\/schema\/logo\/image\/","url":"https:\/\/doctorucarer.com\/wp-content\/uploads\/2024\/03\/Medical-Cross-Doctor-Logo-Template-1-e1711550658599.png","contentUrl":"https:\/\/doctorucarer.com\/wp-content\/uploads\/2024\/03\/Medical-Cross-Doctor-Logo-Template-1-e1711550658599.png","width":468,"height":146,"caption":"DR.Serhat Ucarer"},"image":{"@id":"https:\/\/doctorucarer.com\/#\/schema\/logo\/image\/"},"sameAs":["https:\/\/www.facebook.com\/people\/Serhat-Ucarer\/"]}]}},"_links":{"self":[{"href":"https:\/\/doctorucarer.com\/tr\/wp-json\/wp\/v2\/pages\/366","targetHints":{"allow":["GET"]}}],"collection":[{"href":"https:\/\/doctorucarer.com\/tr\/wp-json\/wp\/v2\/pages"}],"about":[{"href":"https:\/\/doctorucarer.com\/tr\/wp-json\/wp\/v2\/types\/page"}],"author":[{"embeddable":true,"href":"https:\/\/doctorucarer.com\/tr\/wp-json\/wp\/v2\/users\/1"}],"replies":[{"embeddable":true,"href":"https:\/\/doctorucarer.com\/tr\/wp-json\/wp\/v2\/comments?post=366"}],"version-history":[{"count":13,"href":"https:\/\/doctorucarer.com\/tr\/wp-json\/wp\/v2\/pages\/366\/revisions"}],"predecessor-version":[{"id":768,"href":"https:\/\/doctorucarer.com\/tr\/wp-json\/wp\/v2\/pages\/366\/revisions\/768"}],"wp:attachment":[{"href":"https:\/\/doctorucarer.com\/tr\/wp-json\/wp\/v2\/media?parent=366"}],"curies":[{"name":"wp","href":"https:\/\/api.w.org\/{rel}","templated":true}]}}